{"id":89,"date":"2024-06-06T15:31:58","date_gmt":"2024-06-06T15:31:58","guid":{"rendered":"https:\/\/lipoedem-zentrum-aachen.de\/?page_id=89"},"modified":"2025-11-23T10:24:12","modified_gmt":"2025-11-23T10:24:12","slug":"dr-med-helge-jens","status":"publish","type":"page","link":"https:\/\/lipoedem-zentrum-aachen.de\/index.php\/unser-team\/dr-med-helge-jens\/","title":{"rendered":"Dr. med. Helge Jens"},"content":{"rendered":"\t\t<div data-elementor-type=\"wp-page\" data-elementor-id=\"89\" class=\"elementor elementor-89\" data-elementor-post-type=\"page\">\n\t\t\t\t<div class=\"elementor-element elementor-element-ff16850 e-flex e-con-boxed e-con e-parent\" data-id=\"ff16850\" data-element_type=\"container\" data-e-type=\"container\">\n\t\t\t\t\t<div class=\"e-con-inner\">\n\t\t\t\t<div class=\"elementor-element elementor-element-0f086d7 elementor-widget elementor-widget-heading\" data-id=\"0f086d7\" data-element_type=\"widget\" data-e-type=\"widget\" data-widget_type=\"heading.default\">\n\t\t\t\t<div class=\"elementor-widget-container\">\n\t\t\t\t\t<h1 class=\"elementor-heading-title elementor-size-default\">Dr. med. Helge Jens<\/h1>\t\t\t\t<\/div>\n\t\t\t\t<\/div>\n\t\t\t\t<div class=\"elementor-element elementor-element-5badbe9 elementor-widget elementor-widget-text-editor\" data-id=\"5badbe9\" data-element_type=\"widget\" data-e-type=\"widget\" data-widget_type=\"text-editor.default\">\n\t\t\t\t<div class=\"elementor-widget-container\">\n\t\t\t\t\t\t\t\t\t<p style=\"text-align: center;\">Facharzt f\u00fcr Plastische und \u00c4sthetische Chirurgie<br \/>Pr\u00e4sident der Deutschen Gesellschaft f\u00fcr \u00c4sthetisch-Plastische Chirurgie<\/p>\t\t\t\t\t\t\t\t<\/div>\n\t\t\t\t<\/div>\n\t\t\t\t\t<\/div>\n\t\t\t\t<\/div>\n\t\t<div class=\"elementor-element elementor-element-a29465d e-flex e-con-boxed e-con e-parent\" data-id=\"a29465d\" data-element_type=\"container\" data-e-type=\"container\">\n\t\t\t\t\t<div class=\"e-con-inner\">\n\t\t<div class=\"elementor-element elementor-element-4ddbe39 e-con-full e-flex e-con e-child\" data-id=\"4ddbe39\" data-element_type=\"container\" data-e-type=\"container\">\n\t\t\t\t<div class=\"elementor-element elementor-element-01a08bd elementor-widget elementor-widget-image\" data-id=\"01a08bd\" data-element_type=\"widget\" data-e-type=\"widget\" data-widget_type=\"image.default\">\n\t\t\t\t<div class=\"elementor-widget-container\">\n\t\t\t\t\t\t\t\t\t\t\t\t<figure class=\"wp-caption\">\n\t\t\t\t\t\t\t\t\t\t<img fetchpriority=\"high\" decoding=\"async\" width=\"300\" height=\"200\" src=\"https:\/\/lipoedem-zentrum-aachen.de\/wp-content\/uploads\/2024\/08\/MIKA0108-300x200.jpg\" class=\"attachment-medium size-medium wp-image-407\" alt=\"Dr. med. Helge Jens\" srcset=\"https:\/\/lipoedem-zentrum-aachen.de\/wp-content\/uploads\/2024\/08\/MIKA0108-300x200.jpg 300w, https:\/\/lipoedem-zentrum-aachen.de\/wp-content\/uploads\/2024\/08\/MIKA0108-1024x683.jpg 1024w, https:\/\/lipoedem-zentrum-aachen.de\/wp-content\/uploads\/2024\/08\/MIKA0108-768x512.jpg 768w, https:\/\/lipoedem-zentrum-aachen.de\/wp-content\/uploads\/2024\/08\/MIKA0108-1536x1024.jpg 1536w, https:\/\/lipoedem-zentrum-aachen.de\/wp-content\/uploads\/2024\/08\/MIKA0108-2048x1365.jpg 2048w\" sizes=\"(max-width: 300px) 100vw, 300px\" \/>\t\t\t\t\t\t\t\t\t\t\t<figcaption class=\"widget-image-caption wp-caption-text\"><b>Dr. med. Helge Jens<\/b><br>Facharzt f\u00fcr Plastische und \u00c4sthetische Chirurgie<\/figcaption>\n\t\t\t\t\t\t\t\t\t\t<\/figure>\n\t\t\t\t\t\t\t\t\t<\/div>\n\t\t\t\t<\/div>\n\t\t\t\t<\/div>\n\t\t<div class=\"elementor-element elementor-element-39ceace e-con-full e-flex e-con e-child\" data-id=\"39ceace\" data-element_type=\"container\" data-e-type=\"container\">\n\t\t\t\t<div class=\"elementor-element elementor-element-fa8ff91 elementor-widget elementor-widget-text-editor\" data-id=\"fa8ff91\" data-element_type=\"widget\" data-e-type=\"widget\" data-widget_type=\"text-editor.default\">\n\t\t\t\t<div class=\"elementor-widget-container\">\n\t\t\t\t\t\t\t\t\t<p>Seit 2003 leitet Dr. Jens die \u00fcberregional bekannte\u00a0<a href=\"https:\/\/www.domhofklinik.de\/\">DOMHOF-Klinik<\/a> in Aachen als leitender Arzt. Seit 2023 ist er Vorstand der Deutschen Gesellschaft f\u00fcr \u00c4sthetisch-Plastische Chirurgie.<\/p><p>Dr. med. Helge Jens\u00a0absolvierte zun\u00e4chst seine Facharztausbildung an den Plastischen Spezialkliniken in Aachen, Landshut und Linz\/\u00d6sterreich.\u00a0Mit seinem mehr als 21-j\u00e4hrigen Wirken in leitender Position als ausgebildeter Facharzt f\u00fcr Plastische und \u00c4sthetische Chirurgie in Aachen hat Dr. Jens die Erfahrung vieler tausend Behandlungen und Operationen.<\/p><p>Dr. Jens war bis zum 15.11.2025 Pr\u00e4sident der <span style=\"text-decoration: underline;\"><a href=\"https:\/\/www.dgaepc.de\/\" target=\"_blank\" rel=\"noopener\">Deutschen Gesellschaft f\u00fcr \u00c4sthetisch-Plastische Chirurgie<\/a><\/span>.<\/p>\t\t\t\t\t\t\t\t<\/div>\n\t\t\t\t<\/div>\n\t\t\t\t<div class=\"elementor-element elementor-element-cbe54e3 elementor-widget elementor-widget-text-editor\" data-id=\"cbe54e3\" data-element_type=\"widget\" data-e-type=\"widget\" data-widget_type=\"text-editor.default\">\n\t\t\t\t<div class=\"elementor-widget-container\">\n\t\t\t\t\t\t\t\t\t<h2>Mitgliedschaften von Dr. Helge Jens<\/h2><ul><li>Pr\u00e4sident der Deutschen Gesellschaft f\u00fcr \u00c4sthetisch-Plastische Chirurgie (<span style=\"text-decoration: underline;\"><a href=\"https:\/\/www.dgaepc.de\/\">DG\u00c4PC<\/a><\/span>)<\/li><li>Deutsche Gesellschaft f\u00fcr Plastische, Rekonstruktive und \u00c4sthetische Chirurgie (<span style=\"text-decoration: underline;\"><a href=\"https:\/\/www.dgpraec.de\/\" target=\"_blank\" rel=\"noopener\">DGPR\u00c4C<\/a><\/span>)<\/li><li>Gesellschaft f\u00fcr \u00e4sthetische und rekonstruktive Intimchirurgie (<span style=\"text-decoration: underline;\"><a href=\"https:\/\/www.gaerid.de\/\" target=\"_blank\" rel=\"noopener\">GAERID<\/a><\/span>)<\/li><\/ul>\t\t\t\t\t\t\t\t<\/div>\n\t\t\t\t<\/div>\n\t\t\t\t<div class=\"elementor-element elementor-element-8e5fdf6 elementor-align-center e-transform elementor-widget elementor-widget-button\" data-id=\"8e5fdf6\" data-element_type=\"widget\" data-e-type=\"widget\" data-settings=\"{&quot;_transform_scale_effect_hover&quot;:{&quot;unit&quot;:&quot;px&quot;,&quot;size&quot;:1.1,&quot;sizes&quot;:[]},&quot;_transform_scale_effect_hover_tablet&quot;:{&quot;unit&quot;:&quot;px&quot;,&quot;size&quot;:&quot;&quot;,&quot;sizes&quot;:[]},&quot;_transform_scale_effect_hover_mobile&quot;:{&quot;unit&quot;:&quot;px&quot;,&quot;size&quot;:&quot;&quot;,&quot;sizes&quot;:[]}}\" data-widget_type=\"button.default\">\n\t\t\t\t<div class=\"elementor-widget-container\">\n\t\t\t\t\t\t\t\t\t<div class=\"elementor-button-wrapper\">\n\t\t\t\t\t<a class=\"elementor-button elementor-button-link elementor-size-sm\" href=\"https:\/\/www.drjens.de\/uber-uns\/dr-med-helge-jens\/\">\n\t\t\t\t\t\t<span class=\"elementor-button-content-wrapper\">\n\t\t\t\t\t\t\t\t\t<span class=\"elementor-button-text\">Mehr \u00fcber  Dr. med. Helge Jens<\/span>\n\t\t\t\t\t<\/span>\n\t\t\t\t\t<\/a>\n\t\t\t\t<\/div>\n\t\t\t\t\t\t\t\t<\/div>\n\t\t\t\t<\/div>\n\t\t\t\t<div class=\"elementor-element elementor-element-a8ca74f elementor-widget elementor-widget-text-editor\" data-id=\"a8ca74f\" data-element_type=\"widget\" data-e-type=\"widget\" data-widget_type=\"text-editor.default\">\n\t\t\t\t<div class=\"elementor-widget-container\">\n\t\t\t\t\t\t\t\t\t<h2>Was sagen Patienten \u00fcber Dr. Helge Jens?<\/h2>\n<script defer async src='https:\/\/cdn.trustindex.io\/loader.js?c06777018a163474be767ab169f'><\/script>\t\t\t\t\t\t\t\t<\/div>\n\t\t\t\t<\/div>\n\t\t\t\t<\/div>\n\t\t\t\t\t<\/div>\n\t\t\t\t<\/div>\n\t\t\t\t<\/div>\n\t\t","protected":false},"excerpt":{"rendered":"<p>Dr. med. Helge Jens Facharzt f\u00fcr Plastische und \u00c4sthetische ChirurgiePr\u00e4sident der Deutschen Gesellschaft f\u00fcr \u00c4sthetisch-Plastische Chirurgie Dr. med. Helge JensFacharzt f\u00fcr Plastische und \u00c4sthetische Chirurgie Seit 2003 leitet Dr. Jens die \u00fcberregional bekannte\u00a0DOMHOF-Klinik in Aachen als leitender Arzt. Seit 2023 ist er Vorstand der Deutschen Gesellschaft f\u00fcr \u00c4sthetisch-Plastische Chirurgie. Dr. med. Helge Jens\u00a0absolvierte zun\u00e4chst seine [&hellip;]<\/p>\n","protected":false},"author":1,"featured_media":407,"parent":65,"menu_order":0,"comment_status":"closed","ping_status":"closed","template":"","meta":{"footnotes":""},"class_list":["post-89","page","type-page","status-publish","has-post-thumbnail","hentry"],"yoast_head":"<!-- This site is optimized with the Yoast SEO plugin v27.5 - https:\/\/yoast.com\/product\/yoast-seo-wordpress\/ -->\n<title>Dr. med. Helge Jens - Lip\u00f6dem Zentrum Aachen<\/title>\n<meta name=\"description\" content=\"Dr. med. Helge Jens - Facharzt f\u00fcr Plastische und \u00c4sthetische Chirurgie in der Domhofklinik Aachen - Pr\u00e4sident DG\u00c4PC\" \/>\n<meta name=\"robots\" content=\"index, follow, max-snippet:-1, max-image-preview:large, max-video-preview:-1\" \/>\n<link rel=\"canonical\" href=\"https:\/\/lipoedem-zentrum-aachen.de\/index.php\/unser-team\/dr-med-helge-jens\/\" \/>\n<meta property=\"og:locale\" content=\"de_DE\" \/>\n<meta property=\"og:type\" content=\"article\" \/>\n<meta property=\"og:title\" content=\"Dr. med. Helge Jens - Lip\u00f6dem Zentrum Aachen\" \/>\n<meta property=\"og:description\" content=\"Dr. med. Helge Jens - Facharzt f\u00fcr Plastische und \u00c4sthetische Chirurgie in der Domhofklinik Aachen - Pr\u00e4sident DG\u00c4PC\" \/>\n<meta property=\"og:url\" content=\"https:\/\/lipoedem-zentrum-aachen.de\/index.php\/unser-team\/dr-med-helge-jens\/\" \/>\n<meta property=\"og:site_name\" content=\"Lip\u00f6dem Zentrum Aachen\" \/>\n<meta property=\"article:modified_time\" content=\"2025-11-23T10:24:12+00:00\" \/>\n<meta property=\"og:image\" content=\"https:\/\/lipoedem-zentrum-aachen.de\/wp-content\/uploads\/2024\/08\/MIKA0108-scaled.jpg\" \/>\n\t<meta property=\"og:image:width\" content=\"2560\" \/>\n\t<meta property=\"og:image:height\" content=\"1707\" \/>\n\t<meta property=\"og:image:type\" content=\"image\/webp\" \/>\n<meta name=\"twitter:card\" content=\"summary_large_image\" \/>\n<meta name=\"twitter:label1\" content=\"Gesch\u00e4tzte Lesezeit\" \/>\n\t<meta name=\"twitter:data1\" content=\"282\u00a0Minuten\" \/>\n<script type=\"application\/ld+json\" class=\"yoast-schema-graph\">{\"@context\":\"https:\\\/\\\/schema.org\",\"@graph\":[{\"@type\":\"WebPage\",\"@id\":\"https:\\\/\\\/lipoedem-zentrum-aachen.de\\\/index.php\\\/unser-team\\\/dr-med-helge-jens\\\/\",\"url\":\"https:\\\/\\\/lipoedem-zentrum-aachen.de\\\/index.php\\\/unser-team\\\/dr-med-helge-jens\\\/\",\"name\":\"Dr. med. Helge Jens - Lip\u00f6dem Zentrum Aachen\",\"isPartOf\":{\"@id\":\"https:\\\/\\\/lipoedem-zentrum-aachen.de\\\/#website\"},\"primaryImageOfPage\":{\"@id\":\"https:\\\/\\\/lipoedem-zentrum-aachen.de\\\/index.php\\\/unser-team\\\/dr-med-helge-jens\\\/#primaryimage\"},\"image\":{\"@id\":\"https:\\\/\\\/lipoedem-zentrum-aachen.de\\\/index.php\\\/unser-team\\\/dr-med-helge-jens\\\/#primaryimage\"},\"thumbnailUrl\":\"https:\\\/\\\/lipoedem-zentrum-aachen.de\\\/wp-content\\\/uploads\\\/2024\\\/08\\\/MIKA0108-scaled.jpg\",\"datePublished\":\"2024-06-06T15:31:58+00:00\",\"dateModified\":\"2025-11-23T10:24:12+00:00\",\"description\":\"Dr. med. Helge Jens - Facharzt f\u00fcr Plastische und \u00c4sthetische Chirurgie in der Domhofklinik Aachen - Pr\u00e4sident DG\u00c4PC\",\"breadcrumb\":{\"@id\":\"https:\\\/\\\/lipoedem-zentrum-aachen.de\\\/index.php\\\/unser-team\\\/dr-med-helge-jens\\\/#breadcrumb\"},\"inLanguage\":\"de\",\"potentialAction\":[{\"@type\":\"ReadAction\",\"target\":[\"https:\\\/\\\/lipoedem-zentrum-aachen.de\\\/index.php\\\/unser-team\\\/dr-med-helge-jens\\\/\"]}]},{\"@type\":\"ImageObject\",\"inLanguage\":\"de\",\"@id\":\"https:\\\/\\\/lipoedem-zentrum-aachen.de\\\/index.php\\\/unser-team\\\/dr-med-helge-jens\\\/#primaryimage\",\"url\":\"https:\\\/\\\/lipoedem-zentrum-aachen.de\\\/wp-content\\\/uploads\\\/2024\\\/08\\\/MIKA0108-scaled.jpg\",\"contentUrl\":\"https:\\\/\\\/lipoedem-zentrum-aachen.de\\\/wp-content\\\/uploads\\\/2024\\\/08\\\/MIKA0108-scaled.jpg\",\"width\":2560,\"height\":1707,\"caption\":\"Dr. med. Helge Jens Facharzt f\u00fcr Plastische und \u00c4sthetische Chirurgie\"},{\"@type\":\"BreadcrumbList\",\"@id\":\"https:\\\/\\\/lipoedem-zentrum-aachen.de\\\/index.php\\\/unser-team\\\/dr-med-helge-jens\\\/#breadcrumb\",\"itemListElement\":[{\"@type\":\"ListItem\",\"position\":1,\"name\":\"Startseite\",\"item\":\"https:\\\/\\\/lipoedem-zentrum-aachen.de\\\/\"},{\"@type\":\"ListItem\",\"position\":2,\"name\":\"Unser Team\",\"item\":\"https:\\\/\\\/lipoedem-zentrum-aachen.de\\\/index.php\\\/unser-team\\\/\"},{\"@type\":\"ListItem\",\"position\":3,\"name\":\"Dr. med. Helge Jens\"}]},{\"@type\":\"WebSite\",\"@id\":\"https:\\\/\\\/lipoedem-zentrum-aachen.de\\\/#website\",\"url\":\"https:\\\/\\\/lipoedem-zentrum-aachen.de\\\/\",\"name\":\"Lip\u00f6dem Zentrum Aachen\",\"description\":\"wir wollen Ihnen helfen!\",\"potentialAction\":[{\"@type\":\"SearchAction\",\"target\":{\"@type\":\"EntryPoint\",\"urlTemplate\":\"https:\\\/\\\/lipoedem-zentrum-aachen.de\\\/?s={search_term_string}\"},\"query-input\":{\"@type\":\"PropertyValueSpecification\",\"valueRequired\":true,\"valueName\":\"search_term_string\"}}],\"inLanguage\":\"de\"}]}<\/script>\n<!-- \/ Yoast SEO plugin. -->","yoast_head_json":{"title":"Dr. med. Helge Jens - Lip\u00f6dem Zentrum Aachen","description":"Dr. med. Helge Jens - Facharzt f\u00fcr Plastische und \u00c4sthetische Chirurgie in der Domhofklinik Aachen - Pr\u00e4sident DG\u00c4PC","robots":{"index":"index","follow":"follow","max-snippet":"max-snippet:-1","max-image-preview":"max-image-preview:large","max-video-preview":"max-video-preview:-1"},"canonical":"https:\/\/lipoedem-zentrum-aachen.de\/index.php\/unser-team\/dr-med-helge-jens\/","og_locale":"de_DE","og_type":"article","og_title":"Dr. med. Helge Jens - Lip\u00f6dem Zentrum Aachen","og_description":"Dr. med. Helge Jens - Facharzt f\u00fcr Plastische und \u00c4sthetische Chirurgie in der Domhofklinik Aachen - Pr\u00e4sident DG\u00c4PC","og_url":"https:\/\/lipoedem-zentrum-aachen.de\/index.php\/unser-team\/dr-med-helge-jens\/","og_site_name":"Lip\u00f6dem Zentrum Aachen","article_modified_time":"2025-11-23T10:24:12+00:00","og_image":[{"width":2560,"height":1707,"url":"https:\/\/lipoedem-zentrum-aachen.de\/wp-content\/uploads\/2024\/08\/MIKA0108-scaled.jpg","type":"image\/webp"}],"twitter_card":"summary_large_image","twitter_misc":{"Gesch\u00e4tzte Lesezeit":"282\u00a0Minuten"},"schema":{"@context":"https:\/\/schema.org","@graph":[{"@type":"WebPage","@id":"https:\/\/lipoedem-zentrum-aachen.de\/index.php\/unser-team\/dr-med-helge-jens\/","url":"https:\/\/lipoedem-zentrum-aachen.de\/index.php\/unser-team\/dr-med-helge-jens\/","name":"Dr. med. Helge Jens - Lip\u00f6dem Zentrum Aachen","isPartOf":{"@id":"https:\/\/lipoedem-zentrum-aachen.de\/#website"},"primaryImageOfPage":{"@id":"https:\/\/lipoedem-zentrum-aachen.de\/index.php\/unser-team\/dr-med-helge-jens\/#primaryimage"},"image":{"@id":"https:\/\/lipoedem-zentrum-aachen.de\/index.php\/unser-team\/dr-med-helge-jens\/#primaryimage"},"thumbnailUrl":"https:\/\/lipoedem-zentrum-aachen.de\/wp-content\/uploads\/2024\/08\/MIKA0108-scaled.jpg","datePublished":"2024-06-06T15:31:58+00:00","dateModified":"2025-11-23T10:24:12+00:00","description":"Dr. med. Helge Jens - Facharzt f\u00fcr Plastische und \u00c4sthetische Chirurgie in der Domhofklinik Aachen - Pr\u00e4sident DG\u00c4PC","breadcrumb":{"@id":"https:\/\/lipoedem-zentrum-aachen.de\/index.php\/unser-team\/dr-med-helge-jens\/#breadcrumb"},"inLanguage":"de","potentialAction":[{"@type":"ReadAction","target":["https:\/\/lipoedem-zentrum-aachen.de\/index.php\/unser-team\/dr-med-helge-jens\/"]}]},{"@type":"ImageObject","inLanguage":"de","@id":"https:\/\/lipoedem-zentrum-aachen.de\/index.php\/unser-team\/dr-med-helge-jens\/#primaryimage","url":"https:\/\/lipoedem-zentrum-aachen.de\/wp-content\/uploads\/2024\/08\/MIKA0108-scaled.jpg","contentUrl":"https:\/\/lipoedem-zentrum-aachen.de\/wp-content\/uploads\/2024\/08\/MIKA0108-scaled.jpg","width":2560,"height":1707,"caption":"Dr. med. Helge Jens Facharzt f\u00fcr Plastische und \u00c4sthetische Chirurgie"},{"@type":"BreadcrumbList","@id":"https:\/\/lipoedem-zentrum-aachen.de\/index.php\/unser-team\/dr-med-helge-jens\/#breadcrumb","itemListElement":[{"@type":"ListItem","position":1,"name":"Startseite","item":"https:\/\/lipoedem-zentrum-aachen.de\/"},{"@type":"ListItem","position":2,"name":"Unser Team","item":"https:\/\/lipoedem-zentrum-aachen.de\/index.php\/unser-team\/"},{"@type":"ListItem","position":3,"name":"Dr. med. Helge Jens"}]},{"@type":"WebSite","@id":"https:\/\/lipoedem-zentrum-aachen.de\/#website","url":"https:\/\/lipoedem-zentrum-aachen.de\/","name":"Lip\u00f6dem Zentrum Aachen","description":"wir wollen Ihnen helfen!","potentialAction":[{"@type":"SearchAction","target":{"@type":"EntryPoint","urlTemplate":"https:\/\/lipoedem-zentrum-aachen.de\/?s={search_term_string}"},"query-input":{"@type":"PropertyValueSpecification","valueRequired":true,"valueName":"search_term_string"}}],"inLanguage":"de"}]}},"_links":{"self":[{"href":"https:\/\/lipoedem-zentrum-aachen.de\/index.php\/wp-json\/wp\/v2\/pages\/89","targetHints":{"allow":["GET"]}}],"collection":[{"href":"https:\/\/lipoedem-zentrum-aachen.de\/index.php\/wp-json\/wp\/v2\/pages"}],"about":[{"href":"https:\/\/lipoedem-zentrum-aachen.de\/index.php\/wp-json\/wp\/v2\/types\/page"}],"author":[{"embeddable":true,"href":"https:\/\/lipoedem-zentrum-aachen.de\/index.php\/wp-json\/wp\/v2\/users\/1"}],"replies":[{"embeddable":true,"href":"https:\/\/lipoedem-zentrum-aachen.de\/index.php\/wp-json\/wp\/v2\/comments?post=89"}],"version-history":[{"count":0,"href":"https:\/\/lipoedem-zentrum-aachen.de\/index.php\/wp-json\/wp\/v2\/pages\/89\/revisions"}],"up":[{"embeddable":true,"href":"https:\/\/lipoedem-zentrum-aachen.de\/index.php\/wp-json\/wp\/v2\/pages\/65"}],"wp:featuredmedia":[{"embeddable":true,"href":"https:\/\/lipoedem-zentrum-aachen.de\/index.php\/wp-json\/wp\/v2\/media\/407"}],"wp:attachment":[{"href":"https:\/\/lipoedem-zentrum-aachen.de\/index.php\/wp-json\/wp\/v2\/media?parent=89"}],"curies":[{"name":"wp","href":"https:\/\/api.w.org\/{rel}","templated":true}]}}